{"id":24,"date":"2014-07-11T13:38:59","date_gmt":"2014-07-11T13:38:59","guid":{"rendered":"http:\/\/marialegio.hu\/wordpress\/?page_id=24"},"modified":"2014-07-13T13:51:10","modified_gmt":"2014-07-13T13:51:10","slug":"peldakepeink","status":"publish","type":"page","link":"https:\/\/marialegio.hu\/?page_id=24","title":{"rendered":"P\u00e9ldak\u00e9peink"},"content":{"rendered":"<p><a href=\"http:\/\/marialegio.hu\/wordpress\/wp-content\/uploads\/2014\/07\/FrankDuff.jpg\"><img loading=\"lazy\" decoding=\"async\" class=\"alignnone size-full wp-image-27\" src=\"http:\/\/marialegio.hu\/wordpress\/wp-content\/uploads\/2014\/07\/FrankDuff.jpg\" alt=\"Frank Duff\" width=\"212\" height=\"241\" \/><\/a><\/p>\n<h4>FRANK DUFF, a M\u00e1ria L\u00e9gi\u00f3 megalap\u00edt\u00f3ja.\u00a0 1889. j\u00fanius 7-\u00e9n sz\u00fcletett \u00cdrorsz\u00e1gban, Dublinban egy h\u00e9tgyermekes csal\u00e1d els\u0151 gyermekek\u00e9nt.\u00a0 1913-ban csatlakozott a P\u00e1li Szent Vince T\u00e1rsas\u00e1ghoz, amelynek a szellemis\u00e9ge nagy hat\u00e1ssal volt r\u00e1. Tagk\u00e9nt fokozatosan n\u0151tt a szeretete a szeg\u00e9nyek \u00e9s elnyomottak ir\u00e1nt, akikben \u2013 mint mindenkiben, akivel csak tal\u00e1lkozott \u2013 Krisztust l\u00e1tta \u00e9s tisztelte.<br \/>\n1916-ban, huszonh\u00e9t \u00e9ves kor\u00e1ban jelentette meg els\u0151 \u00edr\u00e1s\u00e1t \u201eLehet\u00fcnk mi szentek?\u201d c\u00edmmel. Ebben \u00e9lete egyik legf\u0151bb meggy\u0151z\u0151d\u00e9s\u00e9t hangs\u00falyozta, hogy mindannyian, kiv\u00e9tel n\u00e9lk\u00fcl az \u00e9letszents\u00e9gre vagyunk h\u00edva \u00e9s katolikus hit\u00fcnk ehhez minden sz\u00fcks\u00e9ges eszk\u00f6zt megad.<br \/>\n1917-ben megismerte Grignon Szent Lajos \u201eT\u00f6k\u00e9letes M\u00e1ria tisztelet\u201d c. m\u0171v\u00e9t, amely gy\u00f6keresen megv\u00e1ltoztatta \u00e9let\u00e9t.<\/h4>\n<h4>1921. szept. 7-\u00e9n alakult meg a M\u00e1ria L\u00e9gi\u00f3 Frank Duff vezet\u00e9se alatt azzal a c\u00e9llal, hogy valami nagyot tegyenek J\u00e9zus\u00e9rt. C\u00e9lkit\u0171z\u00e9se vil\u00e1giak lelki fejl\u0151d\u00e9s\u00e9nek \u00e9s apostoli tev\u00e9kenys\u00e9g\u00e9nek el\u0151mozd\u00edt\u00e1sa egyh\u00e1zi vezet\u00e9s mellett, a Sz\u0171zanya z\u00e1szlaja alatt, Krisztus orsz\u00e1g\u00e1nak miel\u0151bbi megval\u00f3sul\u00e1sa \u00e9rdek\u00e9ben.<\/h4>\n<h4>A M\u00e1ria L\u00e9gi\u00f3 elterjedt a vil\u00e1g szinte valamennyi orsz\u00e1g\u00e1ban. K\u00f6zel 3 milli\u00f3 akt\u00edv tagja \u00e9s enn\u00e9l j\u00f3val t\u00f6bb seg\u00edt\u0151 (im\u00e1dkoz\u00f3) tagja van.<\/h4>\n<h4>1965-ben VI. P\u00e1l p\u00e1pa megh\u00edvta Frank Duffot R\u00f3m\u00e1ba, hogy megfigyel\u0151k\u00e9nt vegyen r\u00e9szt a II. Vatik\u00e1ni Zsinaton. A p\u00e1pa nagyrabecs\u00fcl\u00e9se jelek\u00e9nt ezzel k\u00edv\u00e1nta elismerni \u00e9s meger\u0151s\u00edteni Frank Duff apostoli t\u00e9ren v\u00e9gzett hatalmas munk\u00e1j\u00e1t.<\/h4>\n<h4>Frank Duff 1980. november 7-\u00e9n halt meg, a dublini Glasnevin temet\u0151ben temett\u00e9k el.<\/h4>\n<h4>1996. j\u00fanius\u00e1ban dr. Desmond Connell, Dublin \u00e9rseke boldogg\u00e1 avat\u00e1s\u00e1t kezdem\u00e9nyezte, melyhez im\u00e1iddal Te is j\u00e1rulj hozz\u00e1.<\/h4>\n<p><strong><em>Im\u00e1ds\u00e1g Isten szolg\u00e1j\u00e1nak, Frank Duffnak a boldogg\u00e1 avat\u00e1s\u00e1\u00e9rt:<\/em><\/strong><\/p>\n<p>Isten\u00fcnk, Aty\u00e1nk, Szolg\u00e1dnak, Frank Duffnak adott kegyelmed bepillant\u00e1st engedett Krisztus teste, az Egyh\u00e1z titkainak m\u00e9lys\u00e9geibe \u00e9s megmutatta M\u00e1ri\u00e1nak, J\u00e9zus \u00c9desanyj\u00e1nak ebben a miszt\u00e9riumban bet\u00f6lt\u00f6tt hely\u00e9t. Bens\u0151s\u00e9ges M\u00e1ria tisztelet\u00e9nek m\u00e1sokkal val\u00f3 megoszt\u00e1sa c\u00e9lj\u00e1b\u00f3l alap\u00edtotta meg a M\u00e1ria L\u00e9gi\u00f3t, hogy az anyai szeretet\u00e9nek jele legyen a vil\u00e1g sz\u00e1m\u00e1ra \u00e9s hogy minden gyermek\u00e9t bevonja az Egyh\u00e1z apostoli munk\u00e1j\u00e1ba. K\u00f6sz\u00f6nj\u00fck Aty\u00e1nk a neki adott kegyelmeidet \u00e9s az Egyh\u00e1z jav\u00e1t szolg\u00e1l\u00f3 b\u00e1tor \u00e9s sug\u00e1rz\u00f3 hit\u00e9t. Bizalommal k\u00e9r\u00fcnk T\u00e9ged, hogy az \u0151 k\u00f6zbenj\u00e1r\u00e1s\u00e1ra hallgasd meg el\u00e9d terjesztett k\u00e9r\u00e9seinket\u2026\u00a0 Arra is k\u00e9r\u00fcnk \u2013 amennyiben ez megegyezik akaratoddal \u2013 ismerje el az Egyh\u00e1z \u00e9let-szents\u00e9g\u00e9t a Te neved dics\u0151s\u00e9g\u00e9re, a mi Urunk, J\u00e9zus Krisztus \u00e1ltal. \u00c1men.<\/p>\n<p><img loading=\"lazy\" decoding=\"async\" src=\"http:\/\/www.marialegio.hu\/webpeldakepeink_elemei\/image002.jpg\" alt=\"\" width=\"212\" height=\"268\" align=\"left\" hspace=\"12\" \/><br \/>\nEDEL QUINN, elterjesztette a M\u00e1ria L\u00e9gi\u00f3t Kelet \u00e9s K\u00f6z\u00e9p Afrik\u00e1ban<br \/>\n\u00cdrorsz\u00e1gban, Kanturkban sz\u00fcletett 1907. szept. 14-\u00e9n. V\u00e1gy\u00e1t, hogy egy szeml\u00e9l\u0151d\u0151 rendbe l\u00e9pjen be, gyenge eg\u00e9szs\u00e9gi \u00e1llapota akad\u00e1lyozta meg. 20 \u00e9ves kor\u00e1ban bel\u00e9pett a M\u00e1ria L\u00e9gi\u00f3 dublini szervezet\u00e9be. Ett\u0151l fogva minden idej\u00e9t az apostolkod\u00e1s t\u00f6lt\u00f6tte ki. 1932-ben s\u00falyosan megbetegedett. Hosszabb id\u0151re k\u00f3rh\u00e1zba ker\u00fclt. Meggyeng\u00fclt eg\u00e9szs\u00e9gi \u00e1llapota ellen\u00e9re folytatta l\u00e9gi\u00f3s munk\u00e1j\u00e1t.<\/p>\n<p>1936-ban a M\u00e1ria L\u00e9gi\u00f3 terjeszt\u00e9ssel b\u00edzta meg Kelet- \u00e9s K\u00f6z\u00e9p-Afrik\u00e1ban. Nagy neh\u00e9zs\u00e9gekkel tal\u00e1lkozott \u00fatt\u00f6r\u0151 munk\u00e1j\u00e1ban. Minden neh\u00e9zs\u00e9g, valamint megromlott eg\u00e9szs\u00e9gi \u00e1llapota ellen\u00e9re feladat\u00e1t az Istenbe vetett t\u00f6k\u00e9letes szeretet \u00e9s a Sz\u0171zanya anyai seg\u00edts\u00e9g\u00e9re alapozott hat\u00e1rtalan bizalom seg\u00edts\u00e9g\u00e9vel v\u00e9gezte. Edelt a gondvisel\u00e9s vil\u00e1gos, gyakorlatias \u00e9rtelemmel, eml\u00edt\u00e9sre m\u00e9lt\u00f3 szervez\u0151 k\u00e9szs\u00e9ggel, t\u00f6rhetetlen akarattal, m\u00e9lys\u00e9ges sz\u00edvbeli melegs\u00e9ggel, emberi egy\u00fctt\u00e9rz\u00e9ssel, nagy vid\u00e1ms\u00e1ggal aj\u00e1nd\u00e9kozta meg. Ezek a tulajdons\u00e1gok sohasem hagyt\u00e1k \u0151t cserben. \u00cdgy sok lelket nyert meg a M\u00e1ria L\u00e9gi\u00f3 sz\u00e1m\u00e1ra.<\/p>\n<p>Egyed\u00fcl, betegs\u00e9geivel k\u00fcszk\u00f6dve m\u00e9gis rend\u00fcletlen\u00fcl terjesztette a M\u00e1ria L\u00e9gi\u00f3t. P\u00e9ld\u00e1ul a t\u00e1voli Mauritiuson, az Indiai \u00d3ce\u00e1n k\u00f6rzet\u00e9ben. A csoportok sz\u00e1zait \u00e9s sok Curi\u00e1t alap\u00edtott. Az afrikaiak ezreit mozg\u00f3s\u00edtotta az Egyh\u00e1z szolg\u00e1lat\u00e1ra.<\/p>\n<p>Edel tev\u00e9kenys\u00e9g\u00e9nek forr\u00e1sa az Istennel val\u00f3 m\u00e9ly k\u00f6z\u00f6ss\u00e9ge volt, melyet \u00e1lland\u00f3 im\u00e1ds\u00e1ggal tartott Az Eucharisztia \u00e1llt \u00e9let\u00e9nek k\u00f6z\u00e9ppontj\u00e1ban: \u201eMily siv\u00e1r lenne az \u00e9let Olt\u00e1riszents\u00e9g n\u00e9lk\u00fcl\u201d, \u00edrta egyszer.<\/p>\n<p>M\u00e1ria tisztelet\u00e9t gyermeki bizalom \u00e9s t\u00f6k\u00e9letes r\u00e1hagyatkoz\u00e1s jellemezte. Azt mondta, soha semmit nem tud visszautas\u00edtani, amir\u0151l azt gondolja, hogy a Sz\u0171zanya k\u00e9r\u00e9se lehet. R\u00f3zsaf\u00fcz\u00e9r\u00e9t mindig a kez\u00e9ben l\u00e1tt\u00e1k. \u00c1lland\u00f3 \u00f6r\u00f6m volt benne. Mindig mosolygott sohasem panaszkodott, mindig az emberek rendelkez\u00e9s\u00e9re \u00e1llt, sohasem fukarkodott az idej\u00e9vel.<\/p>\n<p>Nyolc \u00e9v h\u0151sies k\u00fczdelem ut\u00e1n Nairobiban halt meg 1944. m\u00e1jus 12-\u00e9n. A misszion\u00e1riusok temet\u0151j\u00e9ben temett\u00e9k el. A nairobi \u00e9rsek \u00e1ltal elind\u00edtott egyh\u00e1zmegyei elj\u00e1r\u00e1s &#8211; 1957-ben &#8211; volt az els\u0151 l\u00e9p\u00e9s boldogg\u00e1 avat\u00e1sa ir\u00e1ny\u00e1ba. Sok tan\u00fas\u00e1gt\u00e9telt megvizsg\u00e1ltak m\u00e1r, legf\u0151k\u00e9pp Afrik\u00e1b\u00f3l \u00e9s \u00cdrorsz\u00e1gb\u00f3l. Ezekben \u00e1llhatatos \u00e9letszents\u00e9g\u00e9re mutattak r\u00e1, mely megmutatta sz\u00e1munkra az \u00e9letszents\u00e9g legvonz\u00f3bb form\u00e1j\u00e1t is. R\u00f6vid id\u0151n bel\u00fcl p\u00fcsp\u00f6k\u00f6k sz\u00e1zai jelezt\u00e9k \u00edr\u00e1sban az \u00fcgy t\u00e1mogat\u00e1s\u00e1t a Szentatya fel\u00e9. 1994. december 15-\u00e9n II. J\u00e1nos P\u00e1l p\u00e1pa Edel Quinnt \u201etiszteletre m\u00e9lt\u00f3\u201d-k\u00e9nt deklar\u00e1lta. Egy, az \u0151 k\u00f6zbenj\u00e1r\u00e1s\u00e1ra t\u00f6rt\u00e9nt csod\u00e1ra m\u00e9g mindig sz\u00fcks\u00e9g van boldogg\u00e1 avat\u00e1s\u00e1hoz.<\/p>\n<p>&nbsp;<\/p>\n<p>Az al\u00e1bbi kivonatok az \u0151 mag\u00e1nfeljegyz\u00e9seib\u0151l \u00e9s napl\u00f3j\u00e1b\u00f3l sz\u00e1rmaznak, jelzik lelki \u00e9let\u00e9nek f\u0151bb von\u00e1sait:<\/p>\n<p>\u201eMilyen hat\u00e1rtalan bizalommal kell lenn\u00fcnk Isten szeretete ir\u00e1nt! Sohasem szerethet\u00fcnk el\u00e9gg\u00e9. T\u00f6k\u00e9letesen adjuk \u00e1t magunkat \u00e9s ne t\u00f6r\u0151dj\u00fcnk a terhekkel. Isten majd v\u00e1laszt ad a mi hit\u00fcnkre.\u201d\u2026 \u201eM\u00e1ria szeret minket, mert mi Krisztus \u00f6r\u00f6ks\u00e9ge vagyunk. Teljesen adjuk \u00e1t magunkat Neki, hogy t\u00f6k\u00e9letesen az \u00d6v\u00e9i lehess\u00fcnk. Sz\u00fcnet n\u00e9lk\u00fcl egyes\u00fclj\u00fcnk Krisztussal.\u00a0 \u2026A mi Urunk szeretet\u00e9\u00e9rt szenvedni a legnagyobb \u00f6r\u00f6m.\u201d<\/p>\n<p>V\u00e9gezet\u00fcl az \u0151 kedvelt im\u00e1ja:<\/p>\n<p>\u201eDr\u00e1ga J\u00e9zus, l\u00e9gy sz\u00e1momra \u00e9l\u0151, ragyog\u00f3 val\u00f3s\u00e1g. Hit\u00fcnk sz\u00e1m\u00e1ra jelenl\u00e9v\u0151bb l\u00e1tom\u00e1s, mint b\u00e1rmely m\u00e1s k\u00fcls\u0151 t\u00e9ny.\u00a0Dr\u00e1g\u00e1bb, m\u00e9lyrehat\u00f3bban magasztos, mint a leg\u00e9desebb f\u00f6ldi k\u00f6tel\u00e9k!\u201d<\/p>\n<p>A Te komoly, kitart\u00f3 im\u00e1ds\u00e1god Edel \u00fcgy\u00e9nek siker\u00e9\u00e9rt l\u00e9tfontoss\u00e1g\u00fa. A Quito-i b\u00edboros \u00e9rsek D\u00e9l- Amerik\u00e1ban m\u00e9lys\u00e9gesen meg volt hatva Edel Quinn \u00e9let\u00e9nek olvas\u00e1sakor. Suenens b\u00edboros im\u00e1ds\u00e1got \u00e1ll\u00edtott \u00f6ssze a fenti \u00fcgy el\u0151mozd\u00edt\u00e1s\u00e1ra:<\/p>\n<p>Im\u00e1ds\u00e1g Edel Quinn\u00a0 boldogg\u00e1 avat\u00e1s\u00e1\u00e9rt<\/p>\n<p>\u00d6r\u00f6k Atya! K\u00f6sz\u00f6n\u00f6m Neked azt a kegyelmet, amit Te szolg\u00e1dnak, Edel Quinnek adt\u00e1l, hogy \u00e9let\u00e9ben mindig a Te jelenl\u00e9tedben k\u00fczdj\u00f6n a sz\u00edv\u00e9be \u00f6nt\u00f6tt sug\u00e1rz\u00f3 szeretet\u00e9rt Szentlelked seg\u00edts\u00e9g\u00e9vel, \u00e9s az\u00e9rt az er\u0151\u00e9rt, amit \u0151 az \u00c9let Kenyer\u00e9b\u0151l szerzett mag\u00e1nak, az\u00e9rt, hogy dolgozni tudjon a Te neved dics\u0151s\u00e9g\u00e9\u00e9rt, a Te \u00c9desany\u00e1d, az Egyh\u00e1z \u00c9desanyj\u00e1nak k\u00f6zbenj\u00e1r\u00e1sa \u00e1ltal. B\u00edzva, \u00f3 irgalmas Aty\u00e1nk, hogy az \u0151 \u00e9lete kedves volt el\u0151tted, k\u00e9rlek, add meg nekem azt a k\u00fcl\u00f6nleges kegyelmet, melyet most k\u00e9rek\u2026 \u00e9s tedd megismerhet\u0151v\u00e9 csod\u00e1k \u00e1ltal azt a dics\u0151s\u00e9get, amit \u0151 \u00e9lvez a mennyben, hogy \u0151t is tisztelhesse az Egyh\u00e1z itt a f\u00f6ld\u00f6n, a mi Urunk, J\u00e9zus Krisztus \u00e1ltal. \u00c1men.<\/p>\n<p>&nbsp;<\/p>\n<p><img loading=\"lazy\" decoding=\"async\" src=\"http:\/\/www.marialegio.hu\/webpeldakepeink_elemei\/image003.jpg\" alt=\"\" width=\"207\" height=\"246\" align=\"left\" hspace=\"12\" \/><\/p>\n<p>&nbsp;<\/p>\n<p>ALPHONSUS LAMBE, a M\u00e1ria L\u00e9gi\u00f3t D\u00e9l-Amerik\u00e1ban terjesztette<\/p>\n<p>&nbsp;<\/p>\n<p>Alphonsus Lambe (ismertebb nev\u00e9n Alfie) Tullamore-ban, \u00cdrorsz\u00e1gban sz\u00fcletett Keresztel\u0151 Szt. J\u00e1nos \u00fcnnep\u00e9n, 1932. j\u00fanius 24-\u00e9n, p\u00e9nteken a dublini Nemzetk\u00f6zi Eucharisztikus Kongresszus ideje alatt.<\/p>\n<p>Szent J\u00e1noshoz hasonl\u00f3an, \u0151 is el\u0151fut\u00e1r volt \u2013 a M\u00e1ria L\u00e9gi\u00f3 el\u0151fut\u00e1ra, melyet VI. P\u00e1l p\u00e1pa \u00edgy jellemzett: \u201eA legnagyobb lelkis\u00e9gi mozgalom, melyet a nagy szerzetesrendek korszaka \u00f3ta a lelkek jav\u00e1ra alap\u00edtottak.\u201d\u00a0 Fiatalkor\u00e1t az \u00cdr Kereszt\u00e9ny Testv\u00e9rek novici\u00e1tus\u00e1ban t\u00f6lt\u00f6tte, majd gyenge eg\u00e9szs\u00e9gi \u00e1llapota miatt elhagyta \u0151ket, \u00e9s megtal\u00e1lta hivat\u00e1s\u00e1t a M\u00e1ria L\u00e9gi\u00f3 keret\u00e9n bel\u00fcl. K\u00f6vett\u00e9 1953-ban jel\u00f6lt\u00e9k. Ugyanebben az \u00e9vben K\u00e1rmelhegyi Boldogasszony \u00fcnnep\u00e9n (j\u00falius 16-\u00e1n) Seamus Grace-szel a kolumbiai Bogot\u00e1ba t\u00e1voztak. Csaknem hat \u00e9vig sz\u00fcntelen\u00fcl dolgozott a M\u00e1ria L\u00e9gi\u00f3 terjeszt\u00e9s\u00e9\u00e9rt Kolumbi\u00e1ban, Argent\u00edn\u00e1ban, Ecuadorban, Uruguayban \u00e9s Braz\u00edli\u00e1ban. R\u00f6vid, de s\u00falyos betegs\u00e9g ut\u00e1n Buenos Airesben halt meg szent \u00c1gnes \u00fcnnep\u00e9n 1959. janu\u00e1r 21-\u00e9n.<\/p>\n<p>Isten hatalmas term\u00e9szetes aj\u00e1nd\u00e9kokkal \u00e1ldotta meg \u0151t, olyan szem\u00e9lyis\u00e9ggel, mellyel a lelkeket a szolg\u00e1latra \u00e9s az Isten szeretet\u00e9re vonzotta, az \u00e1tragad\u00f3 lelkesed\u00e9ssel, \u00e9s a nyelvek tanul\u00e1s\u00e1nak nagyfok\u00fa k\u00e9pess\u00e9g\u00e9vel, melynek seg\u00edts\u00e9g\u00e9vel gyorsan megtanult foly\u00e9konyan besz\u00e9lni spanyolul \u00e9s portug\u00e1lul.<\/p>\n<p>A D\u00e9l-Amerik\u00e1ban t\u00f6lt\u00f6tt \u00e9vek alatt nagysz\u00e1m\u00fa M\u00e1ria L\u00e9gi\u00f3s csoportot alap\u00edtott, \u00e9s sokakat megtan\u00edtott a l\u00e9gi\u00f3s apostolkod\u00e1sra. M\u00e1ria tisztelete kiemelked\u0151 volt. Amikor l\u00e9gi\u00f3sokkal vagy m\u00e1sokkal tal\u00e1lkozott, mindig buzd\u00edtotta \u0151ket a t\u00f6k\u00e9letes\u00a0M\u00e1ria tisztelet gyakorl\u00e1s\u00e1ra.<\/p>\n<p>Az \u00cdr Kereszt\u00e9ny Testv\u00e9rek kript\u00e1j\u00e1ban temett\u00e9k el \u0151t Argent\u00edn\u00e1ban, Buenos Airesben a Recoleta temet\u0151ben.<\/p>\n<p>Boldogg\u00e1 avat\u00e1si k\u00e9relm\u00e9t 1978-ban a Buenos Airesi \u00c9rseks\u00e9ghez ny\u00fajtott\u00e1k be.<\/p>\n<p>Im\u00e1ds\u00e1g Isten szolg\u00e1j\u00e1nak, ALPHONSUS LAMB\u00c9NAK boldogg\u00e1 avat\u00e1s\u00e1\u00e9rt<\/p>\n<p>\u00d3 Isten, aki v\u00e9gtelen kegyelmed \u00e1ltal l\u00e1ngra lobbantottad szolg\u00e1d, Alphonsus Lambe sz\u00edv\u00e9t az ir\u00e1ntad \u00e9s \u00c9desany\u00e1nk, M\u00e1ria ir\u00e1nti h\u00f3dol\u00f3 szeretettel; azzal a szeretettel, amely kinyilatkoztatja \u00f6nmag\u00e1t a k\u00fczdelmes munk\u00e1ban, im\u00e1ds\u00e1gban \u00e9s a lelkek megment\u00e9s\u00e9\u00e9rt v\u00e1llalt \u00e1ldozatban. Engedd, ha ez a Te akaratoddal is megegyezik, az \u0151 k\u00f6zbenj\u00e1r\u00e1sa \u00e1ltal megkaphassuk azt, amire saj\u00e1t \u00e9rdemeink \u00e1ltal nem lenn\u00e9nk \u00e9rdemesek. Ezt k\u00e9rj\u00fck a mi Urunk J\u00e9zus Krisztus \u00e1ltal. \u00c1men.<\/p>\n<p>&nbsp;<\/p>\n<p>&nbsp;<\/p>\n<p>&nbsp;<\/p>\n<p>&nbsp;<\/p>\n<p>&nbsp;<\/p>\n<p>&nbsp;<\/p>\n<p>&nbsp;<\/p>\n","protected":false},"excerpt":{"rendered":"<p>FRANK DUFF, a M\u00e1ria L\u00e9gi\u00f3 megalap\u00edt\u00f3ja.\u00a0 1889. j\u00fanius 7-\u00e9n sz\u00fcletett \u00cdrorsz\u00e1gban, Dublinban egy h\u00e9tgyermekes csal\u00e1d els\u0151 gyermekek\u00e9nt.\u00a0 1913-ban csatlakozott a P\u00e1li Szent Vince T\u00e1rsas\u00e1ghoz, amelynek a szellemis\u00e9ge nagy hat\u00e1ssal volt r\u00e1. Tagk\u00e9nt fokozatosan n\u0151tt a szeretete a szeg\u00e9nyek \u00e9s elnyomottak ir\u00e1nt, akikben \u2013 mint mindenkiben, akivel csak tal\u00e1lkozott \u2013 Krisztust l\u00e1tta \u00e9s tisztelte. 1916-ban, huszonh\u00e9t &hellip; <a href=\"https:\/\/marialegio.hu\/?page_id=24\" class=\"more-link\"><span class=\"screen-reader-text\">P\u00e9ldak\u00e9peink<\/span> b\u0151vebben&#8230; <span class=\"meta-nav\">&rarr;<\/span><\/a><\/p>\n","protected":false},"author":1,"featured_media":0,"parent":0,"menu_order":0,"comment_status":"closed","ping_status":"closed","template":"","meta":{"footnotes":""},"class_list":["post-24","page","type-page","status-publish","hentry"],"_links":{"self":[{"href":"https:\/\/marialegio.hu\/index.php?rest_route=\/wp\/v2\/pages\/24","targetHints":{"allow":["GET"]}}],"collection":[{"href":"https:\/\/marialegio.hu\/index.php?rest_route=\/wp\/v2\/pages"}],"about":[{"href":"https:\/\/marialegio.hu\/index.php?rest_route=\/wp\/v2\/types\/page"}],"author":[{"embeddable":true,"href":"https:\/\/marialegio.hu\/index.php?rest_route=\/wp\/v2\/users\/1"}],"replies":[{"embeddable":true,"href":"https:\/\/marialegio.hu\/index.php?rest_route=%2Fwp%2Fv2%2Fcomments&post=24"}],"version-history":[{"count":6,"href":"https:\/\/marialegio.hu\/index.php?rest_route=\/wp\/v2\/pages\/24\/revisions"}],"predecessor-version":[{"id":98,"href":"https:\/\/marialegio.hu\/index.php?rest_route=\/wp\/v2\/pages\/24\/revisions\/98"}],"wp:attachment":[{"href":"https:\/\/marialegio.hu\/index.php?rest_route=%2Fwp%2Fv2%2Fmedia&parent=24"}],"curies":[{"name":"wp","href":"https:\/\/api.w.org\/{rel}","templated":true}]}}