{"id":60,"date":"2014-07-13T11:51:35","date_gmt":"2014-07-13T11:51:35","guid":{"rendered":"http:\/\/marialegio.hu\/wordpress\/?page_id=60"},"modified":"2014-08-14T06:59:38","modified_gmt":"2014-08-14T06:59:38","slug":"megszolitas-eszkozei","status":"publish","type":"page","link":"https:\/\/marialegio.hu\/?page_id=60","title":{"rendered":"Megsz\u00f3l\u00edt\u00e1s eszk\u00f6zei"},"content":{"rendered":"<p><strong>CSOD\u00c1S\u00c9REM\u00a0\u00a0\u00a0\u00a0\u00a0\u00a0\u00a0\u00a0\u00a0 <img loading=\"lazy\" decoding=\"async\" src=\"http:\/\/www.marialegio.hu\/webcsodas_elemei\/image001.jpg\" alt=\"\" width=\"280\" height=\"214\" align=\"left\" hspace=\"12\" \/><\/strong><\/p>\n<p>&nbsp;<\/p>\n<p>&nbsp;<\/p>\n<p>1830. november 27-\u00e9n az irgalmas n\u0151v\u00e9rek p\u00e1rizsi anyah\u00e1z\u00e1nak k\u00e1poln\u00e1j\u00e1ban Sz\u0171z M\u00e1ria <em>Labour\u00e9 Katalin <\/em>n\u0151v\u00e9r k\u00f6zvet\u00edt\u00e9s\u00e9vel aj\u00e1nd\u00e9kozta a vil\u00e1gnak a \u201ecsod\u00e1s\u00e9rmet\u201d. K\u00e9s\u0151bb &#8211; lelki vezet\u0151je utas\u00edt\u00e1s\u00e1ra &#8211; Katalin \u00edgy \u00edrta le l\u00e1tom\u00e1s\u00e1t: \u201eA Szent Sz\u0171z f\u00e9lg\u00f6mb\u00f6n \u00e1llt. H\u00f3feh\u00e9r ruh\u00e1ja a hajnalp\u00edr sz\u00edn\u00e9ben j\u00e1tszott. Kez\u00e9ben egy kisebb g\u00f6mb\u00f6t aj\u00e1nlott fel Istennek: E g\u00f6mb jelenti az eg\u00e9sz vil\u00e1got, \u00e9s minden egyes embert. A Sz\u0171zanya ujjain \u00e9kk\u00f6ves gy\u0171r\u0171k f\u00e9nyt sug\u00e1roztak a f\u00f6ldre: \u00b4Ezek a kegyelmeket jelentik, melyeket azokra \u00e1rasztok, akik k\u00e9rik.\u00b4 Majd elt\u0171nik a kis g\u00f6mb. A Szent Sz\u0171z anyai szeretettel t\u00e1rja kez\u00e9t a f\u00f6ld fel\u00e9, alakja k\u00f6r\u00e9 ov\u00e1lis keret k\u00e9pz\u0151dik a fel\u00edr\u00e1ssal: <em>\u00d3, b\u0171n n\u00e9lk\u00fcl fogantatott Sz\u0171z M\u00e1ria, k\u00f6ny\u00f6r\u00f6gj \u00e9rett\u00fcnk, akik hozz\u00e1d menek\u00fcl\u00fcnk! <\/em>\u00b4K\u00e9sz\u00edttess \u00e9rmeket erre a mint\u00e1ra. Akik bizalommal hordj\u00e1k, sok \u00e9s nagy kegyelemben r\u00e9szes\u00fclnek\u00b4 &#8211; hallom a megb\u00edz\u00e1st, majd megfordul a k\u00e9p. Nagy M bet\u0171t l\u00e1tok kereszttel, alatta a k\u00e9t Szent Sz\u00edv: J\u00e9zus\u00e9 t\u00f6viskoszor\u00faval \u00e9s M\u00e1ri\u00e1\u00e9 t\u0151rrel \u00e1tsz\u00farva. Az eg\u00e9szet 12 csillag veszi k\u00f6r\u00fcl. Amikor arra gondolok, hogy nem kell-e ide is fel\u00edr\u00e1s, hallom a feleletet: \u00b4az M \u00e9s a k\u00e9t sz\u00edv eleget mond\u00b4 &#8211; ezzel a jelen\u00e9s v\u00e9get \u00e9rt.\u201d<\/p>\n<p>L\u00e1tom\u00e1sair\u00f3l \u00e9s k\u00fcldet\u00e9s\u00e9r\u0151l Katalin besz\u00e1molt lelkiatyj\u00e1nak, aki sok\u00e1ig nem hisz neki. V\u00e9gre k\u00e9t \u00e9v m\u00falva m\u00e9gis megeml\u00edti P\u00e1rizs \u00e9rsek\u00e9nek, aki figyelmesen hallgatja, majd elrendeli, hogy k\u00e9sz\u00edts\u00e9k el az \u00e9rmeket. \u201eEz is eszk\u00f6z a Szent Sz\u0171z tisztelet\u00e9re\u201d &#8211; mondja. Az els\u0151 csod\u00e1s kegyelmet mindj\u00e1rt megtapasztalhatta az \u00e9rsek maga. Az\u00f3ta sz\u00e1mtalan testi-lelki gy\u00f3gyul\u00e1s, imameghallgat\u00e1s, Sz\u0171z M\u00e1ria k\u00fcl\u00f6n\u00f6s v\u00e9delme k\u00eds\u00e9ri az \u00e9rem \u00fatj\u00e1t. A n\u00e9p hamarosan a \u201ecsod\u00e1s\u201d jelz\u0151vel l\u00e1tja el. Gyorsan elterjedt az eg\u00e9sz vil\u00e1gon. 1836-ban az \u00e9rsek kivizsg\u00e1ltatta az \u00e9remmel kapcsolatos csod\u00e1kat. Szerett\u00e9k volna hallani a l\u00e1tnokot is. Katalin n\u0151v\u00e9r k\u00e9rte lelkivezet\u0151j\u00e9t, hogy ne \u00e1rulja el kil\u00e9t\u00e9t &#8211; ez a Szent Sz\u0171z hat\u00e1rozott k\u00edv\u00e1ns\u00e1ga &#8211; hal\u00e1l\u00e1ig ismeretlen maradt. \u0150 a bizalom \u00e9s hallgat\u00e1s szentje.<\/p>\n<p><em>Labour\u00e9 Katalin<\/em>1806. m\u00e1jus 2-\u00e1n sz\u00fcletett K\u00f6z\u00e9p-Franciaorsz\u00e1gban, vall\u00e1sos, 11 gyermekes csal\u00e1dban. Kilenc\u00e9ves volt, amikor meghalt az \u00e9desanyja. F\u00e1j\u00f3 sz\u00edvvel karolta \u00e1t a Szent Sz\u0171z szobr\u00e1t, k\u00e9rve: \u201eEzut\u00e1n Te l\u00e9gy any\u00e1m!\u201d &#8211; az el\u00e1rvult csal\u00e1dnak \u0151 lett kis gazdasszonya, munk\u00e1j\u00e1hoz az im\u00e1ds\u00e1gb\u00f3l mer\u00edt er\u0151t. 18 \u00e9ves kor\u00e1ban \u00e9rezte Isten h\u00edv\u00e1s\u00e1t. \u00c1lm\u00e1ban Szent Vinc\u00e9t l\u00e1tta, aki a betegek \u00e1pol\u00e1s\u00e1ra buzd\u00edtotta. Sok neh\u00e9zs\u00e9g ut\u00e1n 1830 \u00e1prilis\u00e1ban kezdte meg a novici\u00e1tust a Szent Vince Szeretet Le\u00e1nyai T\u00e1rsulat p\u00e1rizsi anyah\u00e1z\u00e1ban. Ekkor kezd\u0151dtek a l\u00e1tom\u00e1sai. Katalin n\u0151v\u00e9r \u00e9lete nagy r\u00e9sz\u00e9t P\u00e1rizs egyik munk\u00e1snegyed\u00e9ben &#8211; Reuilly-ben &#8211; t\u00f6lt\u00f6tte. 45 \u00e9ven \u00e1t nagy szeretettel, t\u00fcrelemmel gondozta itt a szeg\u00e9ny \u00f6regeket. Azon f\u00e1radozott, hogy b\u00e9k\u00e9sen \u00e9lj\u00e9k le h\u00e1tralev\u0151 napjaikat. Amikor m\u00e1r nehezen tudott j\u00e1rni, a port\u00e1n teljes\u00edtett szolg\u00e1latot, mindenkinek j\u00f3 p\u00e9ld\u00e1t adva. \u201eIstent l\u00e1tta mindenben \u00e9s mindent Istenben l\u00e1tott\u201d &#8211; hangzott el a szentt\u00e9 avat\u00e1sakor. Negyvenhat \u00e9ven \u00e1t \u0151rizte gy\u00f6ny\u00f6r\u0171 titk\u00e1t. Az \u00e9rdekl\u0151d\u0151k k\u00edv\u00e1ncsi k\u00e9rd\u00e9seit mindig \u00fcgyesen kiv\u00e9dte &#8211; elterelve mag\u00e1r\u00f3l a figyelmet.<\/p>\n<p>Hal\u00e1la el\u0151tt f\u0151n\u00f6kn\u0151j\u00e9vel k\u00f6z\u00f6lhetett mindent. \u201e\u00c9n csak puszta eszk\u00f6z voltam. A Sz\u0171zanya nem az \u00e9n kedvem\u00e9rt jelent meg\u201d &#8211; mondotta. Al\u00e1zatos \u00e9s egyszer\u0171 volt 1876. december 31-\u00e9n bek\u00f6vetkezett hal\u00e1l\u00e1ig.<\/p>\n<p>1933-ban avatta boldogg\u00e1 <em>XI. Piusz<\/em> p\u00e1pa.Ekkor exhum\u00e1lt\u00e1k, 57 \u00e9v ut\u00e1n. Teste teljesen \u00e9ps\u00e9gben maradt, s\u0151t kezeir\u0151l &#8211; melyek \u00e9let\u00e9ben mag\u00e1n viselt\u00e9k s\u00falyos \u00edz\u00fcleti betegs\u00e9g\u00e9nek nyomor\u00edt\u00f3 jeleit &#8211; elt\u0171ntek a betegs\u00e9g jelei. \u201eA b\u0151r \u00e9s izomzat \u00e9p, csontok, porcok rugalmasak, k\u00f6r\u00f6m, haj term\u00e9szetes \u00e1llapotban. Szeme is \u00e9p, m\u00e9g k\u00e9k sz\u00edn\u00e9t is meg\u0151rizte\u201d &#8211; olvashat\u00f3 az exhum\u00e1l\u00e1si jegyz\u0151k\u00f6nyvben.<\/p>\n<p>1947-ben <em>XII. Piusz<\/em> p\u00e1pa avatta szentt\u00e9. \u0150 mondotta r\u00f3la: \u201e&#8230; Katalin n\u0151v\u00e9r a XIX. sz\u00e1zad egyik legkiemelked\u0151bb szentje \u00e9s misztikusa, akinek hiteless\u00e9g\u00e9t m\u00e1r \u00e9let\u00e9ben csod\u00e1k tan\u00fas\u00edtott\u00e1k&#8230;\u201d<\/p>\n<p>A jelen\u00e9sek k\u00e1poln\u00e1ja &#8211; a p\u00e1rizsi Rue du Bac 140. &#8211; Lourdes ut\u00e1n a legl\u00e1togatottabb kegyhely Franciaorsz\u00e1gban.<\/p>\n<p><em>XIII. Le\u00f3 <\/em>p\u00e1pa 1884. j\u00falius 23-i dekr\u00e9tum\u00e1ban rendelte el a <em>Csod\u00e1s\u00e9rm\u0171 Boldogasszony<\/em> \u00fcnnep\u00e9t november 27-re.<\/p>\n<p>&#8212;&#8212;&#8212;&#8212;&#8212;&#8212;&#8212;&#8212;&#8212;&#8212;&#8212;&#8212;&#8212;&#8211;<\/p>\n<p>Az eur\u00f3pai forradalmak t\u00f6rt\u00e9net\u00e9ben Franciaorsz\u00e1gnak szomor\u00fa dics\u0151s\u00e9g jutott. A francia f\u00f6ld forradalmai ugyanis a 19. sz\u00e1zadban mind v\u00e9rengz\u00e9s, mind egyh\u00e1zelleness\u00e9g tekintet\u00e9ben kit\u0171ntek. Csod\u00e1latos, hogy a nagy hagyom\u00e1nnyal rendelkez\u0151 francia egyh\u00e1z vir\u00e1gai minden puszt\u00edt\u00e1s ellen\u00e9re gazdagon pomp\u00e1ztak 19. sz\u00e1zad folyam\u00e1n is. Ebben a sz\u00e1zadban \u00e9lt pl. Viennay Szent J\u00e1nos, ebben a sz\u00e1zadban ker\u00fclt sor a csod\u00e1s\u00e9rem, La Salette \u00e9s Lourdes jelen\u00e9seire, ebben a sz\u00e1zadban \u00e9lt Lisieaux Kis Szent Ter\u00e9z stb. Az 1830. j\u00falius 18-r\u00f3l 19-re virrad\u00f3 \u00e9jszak\u00e1n, mind\u00f6ssze nyolc nappal az \u00fajabb forradalom kit\u00f6r\u00e9se el\u0151tt, P\u00e1rizsban csod\u00e1latos esem\u00e9ny t\u00f6rt\u00e9nt. Labour\u00e9 Szent Katalin a Rue du Bac 140. sz. alatt \u00e1ll\u00f3 vinc\u00e9s kolostor k\u00e1poln\u00e1j\u00e1ban el\u0151sz\u00f6r tal\u00e1lkozott a Szent Sz\u0171zzel. N\u00e9h\u00e1ny h\u00f3nappal k\u00e9s\u0151bb, november 27-\u00e9n este f\u00e9l hatkor pedig egy \u00fajabb l\u00e1tom\u00e1sban megkapta a csod\u00e1s\u00e9rem terv\u00e9t, s azt a felsz\u00f3l\u00edt\u00e1st, hogy legyen h\u0171s\u00e9ges terjeszt\u0151je az \u00e9remnek.<\/p>\n<p>Labour\u00e9 Szent Katalin 1806. m\u00e1jus 2-\u00e1n sz\u00fcletett egy Fain-les-Moutiers nev\u0171 faluban. Sz\u00fcleinek kilencedik gyermeke volt. 1815. okt\u00f3ber 9-\u00e9n meghalt a csal\u00e1d sz\u00edve, az \u00e9desanya, 11 \u00e1rv\u00e1t hagyva maga ut\u00e1n. A kis Katalin a Szent Sz\u0171zben tal\u00e1lt \u00e9desany\u00e1ra. Katalin 1830 elej\u00e9n k\u00f6vette n\u00f5v\u00e9r\u00e9t, Lujz\u00e1t a Szeretet Le\u00e1nyai T\u00e1rsulatba. Jel\u00f6ltidej\u00e9t Chatillon-sur-Seinben kezdte, de \u00e1prilis 21-\u00e9n m\u00e1r P\u00e1rizsban k\u00e9sz\u00fclt tov\u00e1bb Isten \u00fcgy\u00e9nek szolg\u00e1lat\u00e1ra.<\/p>\n<p>1830. j\u00falius 18-\u00e1n, \u00e9jjel f\u00e9l 12-kor egy 4-5 \u00e9vesnek l\u00e1tsz\u00f3, feh\u00e9r ruh\u00e1ba \u00f6lt\u00f6z\u00f6tt fi\u00facska k\u00f6lt\u00f6tte fel \u00e1lm\u00e1b\u00f3l: \u201eJ\u00f6jj a k\u00e1poln\u00e1ba, a Szent Sz\u0171z v\u00e1r re\u00e1d!\u201d &#8211; sz\u00f3lt hozz\u00e1. Katalin a d\u00f6bbenett\u0151l sz\u00f3lni sem tudott. Gyorsan fel\u00f6lt\u00f6z\u00f6tt, s a fi\u00facska k\u00eds\u00e9ret\u00e9ben a k\u00e1poln\u00e1ba sietett. A jelen\u00e9s k\u00e9t \u00f3r\u00e1n \u00e1t tartott. A Szent Sz\u0171z jelezte a r\u00e1 v\u00e1r\u00f3 tennival\u00f3kat: \u201eGyermekem, Isten egy feladatot b\u00edz re\u00e1d. Sokat kell majd szenvedned, de sz\u00edvesen ki\u00e1llod, ha meggondolod, hogy ez az \u00f5 dics\u0151s\u00e9g\u00e9re szolg\u00e1l. F\u00f6lismered, ami Istent\u0151l j\u00f6n, s nem lesz nyugtod, m\u00edg lelki vezet\u0151ddel nem k\u00f6z\u00f6lted. Sok ellentmond\u00e1sban lesz r\u00e9szed, de ne f\u00e9lj, mert a kegyelem veled lesz&#8230;\u201d A Sz\u0171zanya sok mindent elmondott m\u00e9g Katalinnak, de a csod\u00e1s\u00e9remr\u0151l m\u00e9g nem esett sz\u00f3. Jelezte a hamarosan kit\u00f6r\u0151 forradalom puszt\u00edt\u00e1s\u00e1t, de meg\u00edg\u00e9rte, hogy Szent Vince t\u00e1rsulat\u00e1t meg fogja \u0151rizni. Katalin hallgatott \u00e9lm\u00e9nyeir\u0151l. Egyed\u00fcl gy\u00f3ntat\u00f3j\u00e1val osztotta meg titk\u00e1t.<\/p>\n<p>1830. november 27-\u00e9n vil\u00e1goss\u00e1 v\u00e1lt Labour\u00e9 Szent Katalin k\u00fcldet\u00e9se. A jelzett nap est\u00e9j\u00e9n f\u00e9l hatkor a Szent Sz\u00faz \u00fajabb l\u00e1tom\u00e1sban mutatta meg neki a csod\u00e1s\u00e9rem terv\u00e9t. Katalin a Sz\u00fczet kit\u00e1rt karokkal l\u00e1tta. A Sz\u0171zanya ujjain dr\u00e1gak\u00f6vek voltak, amelyekb\u0151l t\u00f6bb f\u00e9nysug\u00e1r \u00e1radt. Ezek a kegyelet jelezt\u00e9k. A Szent Sz\u00faz k\u00f6r\u00fcl arany fel\u00edr\u00e1s volt olvashat\u00f3: \u201e\u00d3, b\u0171n n\u00e9lk\u00fcl fogantatott Sz\u0171z M\u00e1ria, k\u00f6ny\u00f6r\u00f6gj \u00e9rett\u00fcnk, kik hozz\u00e1d menek\u00fcl\u00fcnk!\u201d A jelen\u00e9s Asszonya felsz\u00f3l\u00edtotta Katalint: \u201dK\u00e9sz\u00edttess erre a mint\u00e1ra \u00e9rmeket! Mindazok, akik nyakukon viselik, sok \u00e9s nagy kegyelemben r\u00e9szes\u00fclnek. T\u00fal\u00e1rad\u00f3 kegyelmet kapnak azok, akik bizalommal viselik.\u201d<\/p>\n<p>Ezt k\u00f6vet\u0151en megfordult a k\u00e9p, s a l\u00e1tnok az \u00e9rem h\u00e1toldal\u00e1t l\u00e1tta. K\u00f6z\u00e9pen nagy M bet\u0171 \u00e9s a kereszt kombin\u00e1ci\u00f3ja rajzol\u00f3dott ki, alatta pedig k\u00e9t sz\u00edv. Az egyiken t\u00f6viskoszor\u00fa, a m\u00e1sikat t\u00f5r j\u00e1rta \u00e1t. Az eg\u00e9sz kompoz\u00edci\u00f3t pedig 12 csillag \u00f6vezte. N\u00e9h\u00e1ny h\u00e9ttel k\u00e9s\u0151bb, decemberben a jelen\u00e9s \u00e9s a r\u00e1 vonatkoz\u00f3 felsz\u00f3l\u00edt\u00e1s megism\u00e9tl\u0151d\u00f6tt. Utols\u00f3 l\u00e1tom\u00e1s\u00e1ban a Sz\u0171zanya tudt\u00e1ra adta Katalinnak: \u201eLe\u00e1nyom, most m\u00e1r nem j\u00f6v\u00f6k t\u00f6bb\u00e9, csak im\u00e1idban hallod szavamat.\u201d Ezzel kezdet\u00e9t vette a csod\u00e1s\u00e9rem vil\u00e1gm\u00e9ret\u0171 h\u00f3d\u00edt\u00e1sa.<\/p>\n<p>Katalin gy\u00f3ntat\u00f3ja, Aladel atya csak 1832-ben k\u00f6z\u00f6lte az esem\u00e9nyeket P\u00e1rizs \u00e9rsek\u00e9vel, Louis Jacinth de Qu\u00e9lennel. Az \u00e9rsek az \u00e9rem elk\u00e9sz\u00edt\u00e9s\u00e9ben lehet\u0151s\u00e9get l\u00e1tott a M\u00e1ria-tisztelet terjeszt\u00e9s\u00e9re, \u00e9s megadta az enged\u00e9lyt. S\u0151t mi t\u00f6bb, a j\u00faniusban elk\u00e9sz\u00fclt \u00e9rm\u00e9k els\u0151 terjeszt\u0151je \u00e9ppen de Qu\u00e9len \u00e9rsek volt. A felt\u0171n\u0151 megt\u00e9r\u00e9sek \u00e9s a m\u00e9rhetetlen kegyelem \u00e1ld\u00e1sai hetek alatt k\u00f6zismertt\u00e9 tett\u00e9k az \u00e9rmet, s maga a n\u00e9p nevezte \u201ecsod\u00e1snak\u201d. Innen sz\u00e1rmazik a \u201ecsod\u00e1s\u00e9rem\u201d elnevez\u00e9s. N\u00e9h\u00e1ny h\u00f3nap eltelt\u00e9vel a k\u00fcl\u00f6nf\u00e9le gy\u00e1rak m\u00e1r milli\u00f3sz\u00e1mra vert\u00e9k az \u00e9rmeket, az emberek pedig hittel viselt\u00e9k.<\/p>\n<p>XVI. Gergely p\u00e1pa is tisztelte a csod\u00e1s\u00e9rmet, s \u00e1lland\u00f3an szem el\u0151tt tartotta. De Qu\u00e9len \u00e9rsek megb\u00edz\u00e1s\u00e1b\u00f3l Guillou atya 1834-ben kiadta az els\u0151 hivatalos k\u00f6zlem\u00e9nyt az \u00e9remr\u0151l. Aladel atya m\u00e9g ebben az \u00e9vben meg\u00edrta az \u00e9rem t\u00f6rt\u00e9net\u00e9t, amit sz\u00e1zezres p\u00e9ld\u00e1nysz\u00e1mban v\u00e1s\u00e1roltak az emberek, s \u00f6t \u00e9v alatt h\u00e9t nyelvre ford\u00edtott\u00e1k le. P\u00e1rizs \u00e9rseke az \u00fcgyben hamarosan megind\u00edtotta a hivatalos vizsg\u00e1latot, s 1836. febr. 16-t\u00f3l j\u00falius 13-ig tizenkilenc \u00fcl\u00e9s foglalkozott a csod\u00e1s\u00e9remmel, illetve a vele kapcsolatos csod\u00e1kkal, majd a r\u00e9sztvev\u0151k hitelesnek nyilv\u00e1n\u00edtott\u00e1k az esem\u00e9nyeket, \u00e9s igaznak a csod\u00e1s\u00e9rem t\u00f6rt\u00e9net\u00e9t.<\/p>\n<p>De Qu\u00e9len \u00e9rsek k\u00e9r\u00e9s\u00e9re XVI. Gergely advent m\u00e1sodik vas\u00e1rnapj\u00e1ra \u00fcnnepet enged\u00e9lyezett a Szepl\u0151telen Fogantat\u00e1s tisztelet\u00e9re. 1839-ben pedig kieszk\u00f6z\u00f6lte a Szentsz\u00e9kt\u0151l, hogy a Lorett\u00f3i lit\u00e1ni\u00e1ba foglalj\u00e1k bele a k\u00f6vetkez\u0151 k\u00f6ny\u00f6rg\u00e9st is: \u201eEredeti b\u0171n n\u00e9lk\u00fcl fogantatott Kir\u00e1lyn\u00e9, k\u00f6ny\u00f6r\u00f6gj \u00e9rett\u00fcnk.\u201d A l\u00e1nglelk\u0171 \u00e9rsek a Notre-Dame templomban k\u00fcl\u00f6n tr\u00f3nust emelt a csod\u00e1s\u00e9rem bronzba \u00f6nt\u00f6tt m\u00e1s\u00e1nak.<\/p>\n<p>X. Piusz p\u00e1pa 1909. j\u00falius 8-\u00e1n j\u00f3v\u00e1hagyta a Csod\u00e1s\u00e9rem T\u00e1rsulat\u00e1t \u00e9s m\u0171k\u00f6d\u00e9si szab\u00e1lyzat\u00e1t. Ennek c\u00e9lja a Sz\u0171zanya tisztelet\u00e9nek \u00e9s a csod\u00e1s\u00e9remnek a terjeszt\u00e9se. Labour\u00e9 Szent Katalin al\u00e1zatoss\u00e1g\u00e1ra jellemz\u0151, hogy a csod\u00e1s\u00e9remr\u0151l \u00e9lete sor\u00e1n mind\u00f6ssze k\u00e9t emberrel besz\u00e9lt: gy\u00f3ntat\u00f3j\u00e1val \u00e9s rendi el\u00f6lj\u00e1r\u00f3j\u00e1val.<\/p>\n<p>A szent l\u00e1tnok 1876. december 31-\u00e9n hunyt el. A csod\u00e1s\u00e9rem \u00e9s a hozz\u00e1 f\u0171z\u0151d\u0151 \u00edg\u00e9ret term\u00e9szetesen ma is \u00e9rv\u00e9nyes. Visel\u00e9se \u00e9s a foh\u00e1sz im\u00e1dkoz\u00e1sa ma is kegyelmek forr\u00e1sa. A csod\u00e1s\u00e9rem beszerz\u00e9se b\u00e1rmikor lehets\u00e9ges, \u00e9s visel\u00e9se mindenkinek aj\u00e1nlatos.<\/p>\n<p><em>dr Antal\u00f3czi Lajos atya <\/em><\/p>\n<p>&nbsp;<\/p>\n<p><strong>A R\u00d3ZSAF\u00dcZ\u00c9R<\/strong><\/p>\n<p><strong><em>R\u00f3zsaf\u00fcz\u00e9r im\u00e1ds\u00e1g<\/em><\/strong><\/p>\n<p>&nbsp;<\/p>\n<p>&nbsp;<\/p>\n<p>Dics\u00e9rtess\u00e9k a J\u00e9zus Krisztus!<\/p>\n<p>Mind\u00f6r\u00f6kk\u00e9! \u00c1men.<\/p>\n<p>Az Atya, a Fi\u00fa \u00e9s a Szentl\u00e9lek nev\u00e9ben.<\/p>\n<p><strong>\u00c1men.<\/strong><\/p>\n<p>&nbsp;<\/p>\n<p>Hiszek egy Istenben, mindenhat\u00f3 Aty\u00e1ban, Mennynek \u00e9s F\u00f6ldnek teremt\u0151j\u00e9ben. \u00c9s a J\u00e9zus Krisztusban, az \u0151 egysz\u00fcl\u00f6tt Fi\u00e1ban, a mi Urunkban; aki fogantatott Szentl\u00e9lekt\u0151l, sz\u00fcletett Sz\u0171z M\u00e1ri\u00e1t\u00f3l; szenvedett Poncius Pil\u00e1tus alatt; megfesz\u00edtett\u00e9k, meghalt \u00e9s eltemett\u00e9k. Al\u00e1sz\u00e1llt a poklokra, harmadnapon felt\u00e1madt a halottak k\u00f6z\u00fcl; f\u00f6lment a mennybe, ott \u00fcl a mindenhat\u00f3 Atyaisten jobbj\u00e1n; onnan j\u00f6n el \u00edt\u00e9lni \u00e9l\u0151ket \u00e9s holtakat.<\/p>\n<p><strong>Hiszek Szentl\u00e9lekben. Hiszem a katolikus Anyaszentegyh\u00e1zat; a szentek k\u00f6z\u00f6ss\u00e9g\u00e9t, a b\u0171n\u00f6k bocs\u00e1nat\u00e1t; a test felt\u00e1mad\u00e1s\u00e1t \u00e9s az \u00f6r\u00f6k \u00e9letet. \u00c1men<\/strong><\/p>\n<p>Mi Aty\u00e1nk, aki a mennyekben vagy, szenteltess\u00e9k meg a Te neved; j\u00f6jj\u00f6n el a Te orsz\u00e1god; legyen meg a Te akaratod; amint a mennyben, \u00fagy a f\u00f6ld\u00f6n is.<\/p>\n<p><strong>Mindennapi kenyer\u00fcnket add meg nek\u00fcnk ma; \u00e9s bocs\u00e1sd meg v\u00e9tkeinket, mik\u00e9ppen mi is megbocs\u00e1tunk az ellen\u00fcnk v\u00e9tkez\u0151knek; \u00e9s ne vigy minket k\u00eds\u00e9rt\u00e9sbe, de szabad\u00edts meg a gonoszt\u00f3l. \u00c1men<\/strong><\/p>\n<p>&nbsp;<\/p>\n<p><em>Az \u00f6rvendetes \u00e9s a vil\u00e1goss\u00e1g r\u00f3zsaf\u00fcz\u00e9r\u00e9n\u00e9l:<\/em><\/p>\n<p><em>1<\/em>.) \u00dcdv\u00f6zl\u00e9gy M\u00e1ria! Kegyelemmel teljes, az \u00dar van teveled, \u00e1ldott vagy Te az asszonyok k\u00f6z\u00f6tt, \u00e9s \u00e1ldott a Te m\u00e9hednek gy\u00fcm\u00f6lcse J\u00e9zus, <em>aki hit\u00fcnket n\u00f6velje<\/em><\/p>\n<p><strong>Asszonyunk, Sz\u0171z M\u00e1ria, Istennek Szent Anyja! Im\u00e1dkozz\u00e1l \u00e9rett\u00fcnk, b\u0171n\u00f6s\u00f6k\u00e9rt, most \u00e9s hal\u00e1lunk \u00f3r\u00e1j\u00e1n. \u00c1men<\/strong><\/p>\n<p><em>2<\/em>.) \u00dcdv\u00f6zl\u00e9gy M\u00e1ria! Kegyelemmel teljes, az \u00dar van teveled, \u00e1ldott vagy Te az asszonyok k\u00f6z\u00f6tt, \u00e9s \u00e1ldott a Te m\u00e9hednek gy\u00fcm\u00f6lcse J\u00e9zus, <em>aki rem\u00e9ny\u00fcnket er\u0151s\u00edtse<\/em><\/p>\n<p><strong>Asszonyunk, Sz\u0171z M\u00e1ria, Istennek Szent Anyja! Im\u00e1dkozz\u00e1l \u00e9rett\u00fcnk, b\u0171n\u00f6s\u00f6k\u00e9rt, most \u00e9s hal\u00e1lunk \u00f3r\u00e1j\u00e1n. \u00c1men<\/strong><\/p>\n<p><em>3<\/em>.) \u00dcdv\u00f6zl\u00e9gy M\u00e1ria! Kegyelemmel teljes, az \u00dar van teveled, \u00e1ldott vagy Te az asszonyok k\u00f6z\u00f6tt, \u00e9s \u00e1ldott a Te m\u00e9hednek gy\u00fcm\u00f6lcse J\u00e9zus, <em>aki szeretet\u00fcnket t\u00f6k\u00e9letes\u00edtse<\/em><\/p>\n<p><strong>Asszonyunk, Sz\u0171z M\u00e1ria, Istennek Szent Anyja! Im\u00e1dkozz\u00e1l \u00e9rett\u00fcnk, b\u0171n\u00f6s\u00f6k\u00e9rt, most \u00e9s hal\u00e1lunk \u00f3r\u00e1j\u00e1n. \u00c1men<\/strong><\/p>\n<p><em>\u00a0<\/em><\/p>\n<p><em>A f\u00e1jdalmas r\u00f3zsaf\u00fcz\u00e9rn\u00e9l:<\/em><\/p>\n<p><em>1<\/em>.) \u00dcdv\u00f6zl\u00e9gy M\u00e1ria! Kegyelemmel teljes, az \u00dar van teveled, \u00e1ldott vagy Te az asszonyok k\u00f6z\u00f6tt, \u00e9s \u00e1ldott a Te m\u00e9hednek gy\u00fcm\u00f6lcse J\u00e9zus, <em>aki \u00e9rtelm\u00fcnket megvil\u00e1gos\u00edtsa<\/em><\/p>\n<p><strong>Asszonyunk, Sz\u0171z M\u00e1ria, Istennek Szent Anyja! Im\u00e1dkozz\u00e1l \u00e9rett\u00fcnk, b\u0171n\u00f6s\u00f6k\u00e9rt, most \u00e9s hal\u00e1lunk \u00f3r\u00e1j\u00e1n. \u00c1men<\/strong><\/p>\n<p><em>2<\/em>.) \u00dcdv\u00f6zl\u00e9gy M\u00e1ria! Kegyelemmel teljes, az \u00dar van teveled, \u00e1ldott vagy Te az asszonyok k\u00f6z\u00f6tt, \u00e9s \u00e1ldott a Te m\u00e9hednek gy\u00fcm\u00f6lcse J\u00e9zus, <em>aki eml\u00e9kezet\u00fcnket meger\u0151s\u00edtse<\/em><\/p>\n<p><strong>Asszonyunk, Sz\u0171z M\u00e1ria, Istennek Szent Anyja! Im\u00e1dkozz\u00e1l \u00e9rett\u00fcnk, b\u0171n\u00f6s\u00f6k\u00e9rt, most \u00e9s hal\u00e1lunk \u00f3r\u00e1j\u00e1n. \u00c1men<\/strong><\/p>\n<p><em>3<\/em>.) \u00dcdv\u00f6zl\u00e9gy M\u00e1ria! Kegyelemmel teljes, az \u00dar van teveled, \u00e1ldott vagy Te az asszonyok k\u00f6z\u00f6tt, \u00e9s \u00e1ldott a Te m\u00e9hednek gy\u00fcm\u00f6lcse J\u00e9zus, <em>aki akaratunkat t\u00f6k\u00e9letes\u00edtse<\/em><\/p>\n<p><strong>Asszonyunk, Sz\u0171z M\u00e1ria, Istennek Szent Anyja! Im\u00e1dkozz\u00e1l \u00e9rett\u00fcnk, b\u0171n\u00f6s\u00f6k\u00e9rt, most \u00e9s hal\u00e1lunk \u00f3r\u00e1j\u00e1n. \u00c1men<\/strong><\/p>\n<p><em>\u00a0<\/em><\/p>\n<p><em>A dics\u0151s\u00e9ges r\u00f3zsaf\u00fcz\u00e9rn\u00e9l:<\/em><\/p>\n<p><em>1<\/em>.) \u00dcdv\u00f6zl\u00e9gy M\u00e1ria! Kegyelemmel teljes, az \u00dar van teveled, \u00e1ldott vagy Te az asszonyok k\u00f6z\u00f6tt, \u00e9s \u00e1ldott a Te m\u00e9hednek gy\u00fcm\u00f6lcse J\u00e9zus, <em>aki gondolatainkat ir\u00e1ny\u00edtsa<\/em><\/p>\n<p><strong>Asszonyunk, Sz\u0171z M\u00e1ria, Istennek Szent Anyja! Im\u00e1dkozz\u00e1l \u00e9rett\u00fcnk, b\u0171n\u00f6s\u00f6k\u00e9rt, most \u00e9s hal\u00e1lunk \u00f3r\u00e1j\u00e1n. \u00c1men<\/strong><\/p>\n<p><em>2<\/em>.) \u00dcdv\u00f6zl\u00e9gy M\u00e1ria! Kegyelemmel teljes, az \u00dar van teveled, \u00e1ldott vagy Te az asszonyok k\u00f6z\u00f6tt, \u00e9s \u00e1ldott a Te m\u00e9hednek gy\u00fcm\u00f6lcse J\u00e9zus, <em>aki<\/em> <em>szavainkat vez\u00e9relje<\/em><\/p>\n<p><strong>Asszonyunk, Sz\u0171z M\u00e1ria, Istennek Szent Anyja! Im\u00e1dkozz\u00e1l \u00e9rett\u00fcnk, b\u0171n\u00f6s\u00f6k\u00e9rt, most \u00e9s hal\u00e1lunk \u00f3r\u00e1j\u00e1n. \u00c1men<\/strong><\/p>\n<p><em>3<\/em>.) \u00dcdv\u00f6zl\u00e9gy M\u00e1ria! Kegyelemmel teljes, az \u00dar van teveled, \u00e1ldott vagy Te az asszonyok k\u00f6z\u00f6tt, \u00e9s \u00e1ldott a Te m\u00e9hednek gy\u00fcm\u00f6lcse J\u00e9zus, <em>aki cselekedeteinket korm\u00e1nyozza<\/em><\/p>\n<p><strong>Asszonyunk, Sz\u0171z M\u00e1ria, Istennek Szent Anyja! Im\u00e1dkozz\u00e1l \u00e9rett\u00fcnk, b\u0171n\u00f6s\u00f6k\u00e9rt, most \u00e9s hal\u00e1lunk \u00f3r\u00e1j\u00e1n. \u00c1men<\/strong><\/p>\n<p>&nbsp;<\/p>\n<p>Dics\u0151s\u00e9g az Aty\u00e1nak, a Fi\u00fanak \u00e9s a Szentl\u00e9leknek,<\/p>\n<p><strong>Mik\u00e9ppen kezdetben, most \u00e9s mind\u00f6r\u00f6kk\u00e9. \u00c1men<\/strong><\/p>\n<p>&nbsp;<\/p>\n<p><strong>\u00d3, J\u00e9zusom! Bocs\u00e1sd meg b\u0171neinket, ments meg minket a pokol t\u00fcz\u00e9t\u0151l, vidd a mennybe a lelkeket, k\u00fcl\u00f6n\u00f6sen azokat, akik legjobban r\u00e1szorulnak irgalmadra. \u00c1men.<\/strong><\/p>\n<p>&nbsp;<\/p>\n<p><em>&#8211; Miaty\u00e1nk\u2026.<\/em><\/p>\n<p>&#8211;\u00a0\u00a0\u00a0\u00a0\u00a0\u00a0\u00a0\u00a0\u00a0 <em>10 db \u00dcdv\u00f6zl\u00e9gy M\u00e1ria<\/em><em>\u2026 a <\/em><em>titkokkal\u2026<\/em><\/p>\n<p><em>\u00a0<\/em><\/p>\n<p><em>\u00d6rvendetes titkok:<\/em><\/p>\n<p>1. akit Te, Szent Sz\u0171z, a Szentl\u00e9lekt\u0151l fogant\u00e1l<\/p>\n<p>2. akit Te, Szent Sz\u0171z, Erzs\u00e9betet l\u00e1togatv\u00e1n hordozt\u00e1l<\/p>\n<p>3. akit Te, Szent Sz\u0171z, a vil\u00e1gra sz\u00fclt\u00e9l<\/p>\n<p>4. akit Te, Szent Sz\u0171z, a templomban bemutatt\u00e1l<\/p>\n<p>5. akit Te, Szent Sz\u0171z, a templomban megtal\u00e1lt\u00e1l<\/p>\n<p>&nbsp;<\/p>\n<p><em>Vil\u00e1goss\u00e1g titkai:<\/em><\/p>\n<p>1. aki a Jord\u00e1n viz\u00e9ben megkeresztelkedett<\/p>\n<p>2. aki a k\u00e1nai mennyegz\u0151n kinyilv\u00e1n\u00edtotta isteni erej\u00e9t<\/p>\n<p>3. aki meghirdette Isten orsz\u00e1g\u00e1t<\/p>\n<p>4. aki a T\u00e1bor hegyen megmutatta isteni dics\u0151s\u00e9g\u00e9t<\/p>\n<p>5. aki az Euchariszti\u00e1ban nek\u00fcnk adta \u00f6nmag\u00e1t<\/p>\n<p><em>\u00a0<\/em><\/p>\n<p><em>F\u00e1jdalmas titkok:<\/em><\/p>\n<p>1. aki \u00e9rett\u00fcnk v\u00e9rrel verejt\u00e9kezett<\/p>\n<p>2. akit \u00e9rett\u00fcnk megostoroztak<\/p>\n<p>3. akit \u00e9rett\u00fcnk t\u00f6vissel koron\u00e1ztak<\/p>\n<p>4. aki \u00e9rett\u00fcnk a keresztet hordozta<\/p>\n<p>5. akit \u00e9rett\u00fcnk keresztre fesz\u00edtettek<\/p>\n<p>&nbsp;<\/p>\n<p><em>Dics\u0151s\u00e9ges titkok:<\/em><\/p>\n<p>1. aki halottaib\u00f3l f\u00f6lt\u00e1madott<\/p>\n<p>2. aki a mennybe f\u00f6lment<\/p>\n<p>3. aki nek\u00fcnk a Szentlelket elk\u00fcld\u00f6tte<\/p>\n<p>4. aki T\u00e9ged, Szent Sz\u0171z, a mennybe f\u00f6lvett<\/p>\n<p>5. aki T\u00e9ged, Szent Sz\u0171z, a mennyben megkoron\u00e1zott<\/p>\n<p>&nbsp;<\/p>\n<p><em>R\u00f3zsaf\u00fcz\u00e9r v\u00e9g\u00e9n:<\/em><\/p>\n<p>Im\u00e1dkozz\u00e1l \u00e9rett\u00fcnk Istennek Szent Anyja!<\/p>\n<p>Hogy m\u00e9lt\u00f3k lehess\u00fcnk a Krisztus \u00edg\u00e9reteire!<\/p>\n<p>&nbsp;<\/p>\n<p>K\u00f6ny\u00f6r\u00f6gj\u00fcnk! Isten, kinek Egysz\u00fcl\u00f6tte \u00e9lete, hal\u00e1la \u00e9s felt\u00e1mad\u00e1sa \u00e1ltal az \u00f6r\u00f6k \u00e9let jutalm\u00e1t megszerezte nek\u00fcnk, engedd k\u00e9\u00adr\u00fcnk, hogy e titkokr\u00f3l a boldogs\u00e1gos Sz\u0171z M\u00e1ria szentolvas\u00f3ja elmond\u00e1s\u00e1val megeml\u00e9\u00adkezv\u00e9n, ut\u00e1nozzuk amit magukban foglalnak, \u00e9s elnyerj\u00fck, amit \u00edg\u00e9rnek. A mi Urunk J\u00e9zus Krisztus \u00e1ltal.<\/p>\n<p><strong>\u00c1men.<\/strong><\/p>\n<p>Az Atya, a Fi\u00fa \u00e9s a Szentl\u00e9lek nev\u00e9ben.<\/p>\n<p><strong>\u00c1men.<\/strong><\/p>\n<p>Dics\u00e9rtess\u00e9k a J\u00e9zus Krisztus!<\/p>\n<p>Mind\u00f6r\u00f6kk\u00e9! \u00c1men.<\/p>\n<p><em>\u00a0<\/em><\/p>\n<p><strong>SZENTK\u00c9PEK<\/strong><\/p>\n","protected":false},"excerpt":{"rendered":"<p>CSOD\u00c1S\u00c9REM\u00a0\u00a0\u00a0\u00a0\u00a0\u00a0\u00a0\u00a0\u00a0 &nbsp; &nbsp; 1830. november 27-\u00e9n az irgalmas n\u0151v\u00e9rek p\u00e1rizsi anyah\u00e1z\u00e1nak k\u00e1poln\u00e1j\u00e1ban Sz\u0171z M\u00e1ria Labour\u00e9 Katalin n\u0151v\u00e9r k\u00f6zvet\u00edt\u00e9s\u00e9vel aj\u00e1nd\u00e9kozta a vil\u00e1gnak a \u201ecsod\u00e1s\u00e9rmet\u201d. K\u00e9s\u0151bb &#8211; lelki vezet\u0151je utas\u00edt\u00e1s\u00e1ra &#8211; Katalin \u00edgy \u00edrta le l\u00e1tom\u00e1s\u00e1t: \u201eA Szent Sz\u0171z f\u00e9lg\u00f6mb\u00f6n \u00e1llt. H\u00f3feh\u00e9r ruh\u00e1ja a hajnalp\u00edr sz\u00edn\u00e9ben j\u00e1tszott. Kez\u00e9ben egy kisebb g\u00f6mb\u00f6t aj\u00e1nlott fel Istennek: E g\u00f6mb jelenti &hellip; <a href=\"https:\/\/marialegio.hu\/?page_id=60\" class=\"more-link\"><span class=\"screen-reader-text\">Megsz\u00f3l\u00edt\u00e1s eszk\u00f6zei<\/span> b\u0151vebben&#8230; <span class=\"meta-nav\">&rarr;<\/span><\/a><\/p>\n","protected":false},"author":1,"featured_media":0,"parent":0,"menu_order":0,"comment_status":"closed","ping_status":"closed","template":"","meta":{"footnotes":""},"class_list":["post-60","page","type-page","status-publish","hentry"],"_links":{"self":[{"href":"https:\/\/marialegio.hu\/index.php?rest_route=\/wp\/v2\/pages\/60","targetHints":{"allow":["GET"]}}],"collection":[{"href":"https:\/\/marialegio.hu\/index.php?rest_route=\/wp\/v2\/pages"}],"about":[{"href":"https:\/\/marialegio.hu\/index.php?rest_route=\/wp\/v2\/types\/page"}],"author":[{"embeddable":true,"href":"https:\/\/marialegio.hu\/index.php?rest_route=\/wp\/v2\/users\/1"}],"replies":[{"embeddable":true,"href":"https:\/\/marialegio.hu\/index.php?rest_route=%2Fwp%2Fv2%2Fcomments&post=60"}],"version-history":[{"count":5,"href":"https:\/\/marialegio.hu\/index.php?rest_route=\/wp\/v2\/pages\/60\/revisions"}],"predecessor-version":[{"id":121,"href":"https:\/\/marialegio.hu\/index.php?rest_route=\/wp\/v2\/pages\/60\/revisions\/121"}],"wp:attachment":[{"href":"https:\/\/marialegio.hu\/index.php?rest_route=%2Fwp%2Fv2%2Fmedia&parent=60"}],"curies":[{"name":"wp","href":"https:\/\/api.w.org\/{rel}","templated":true}]}}